{"id":65,"date":"2012-11-20T20:42:31","date_gmt":"2012-11-20T19:42:31","guid":{"rendered":"http:\/\/festivalmfst.wordpress.com\/?page_id=22"},"modified":"2017-06-10T22:33:47","modified_gmt":"2017-06-10T20:33:47","slug":"organizers","status":"publish","type":"page","link":"https:\/\/festiwal.at.edu.pl\/en\/archiwum-festiwalu\/archiwum-7-festiwalu-itself\/organizers\/","title":{"rendered":"Organizatorzy"},"content":{"rendered":"<p style=\"text-align:center\">7. Mi\u0119dzynarodowy Festiwal Szk\u00f3\u0142 Teatralnych ITSelF organizowany<br \/>\njest przez\u00a0 Akademi\u0119 Teatraln\u0105 im. Aleksandra Zelwerowicza<br \/>\nw Warszawie, przy wsparciu finansowym Miasta Sto\u0142ecznego Warszawy<br \/>\noraz Ministerstwa Kultury i Dziedzictwa Narodowego.<\/p>\n<h2><\/h2>\n<h2><span style=\"color:#008000\"><b>BIURO FESTIW<\/b><\/span><span style=\"color:#008000\"><b>ALOWE<\/b><\/span><\/h2>\n<p>CEZARY MORAWSKI \u2013 dyrektor artystyczny festiwalu<\/p>\n<p><a href=\"\/wp-content\/uploads\/sites\/3\/img_archive\/tekst_73.jpg\" data-gallery><img loading=\"lazy\" decoding=\"async\" class=\"size-full wp-image-440 alignleft\" alt=\"tekst_73\" src=\"\/wp-content\/uploads\/sites\/3\/img_archive\/tekst_73.jpg\" width=\"125\" height=\"83\" \/><\/a>BEATA SZCZUCI\u0143SKA \u2013 zast\u0119pca dyrektora festiwalu<\/p>\n<p><a href=\"\/wp-content\/uploads\/sites\/3\/img_archive\/tekst_72.jpg\" data-gallery><img loading=\"lazy\" decoding=\"async\" class=\"size-full wp-image-439 alignleft\" alt=\"tekst_72\" src=\"\/wp-content\/uploads\/sites\/3\/img_archive\/tekst_72.jpg\" width=\"284\" height=\"188\" \/><\/a>AGNIESZKA ZAJK-TWORKOWSKA &#8211; zast\u0119pca dyrektora festiwalu<\/p>\n<p><a href=\"\/wp-content\/uploads\/sites\/3\/img_archive\/fot_bartek_warzecha_dsc6416.jpg\" data-gallery><img loading=\"lazy\" decoding=\"async\" class=\"size-full wp-image-529 alignleft\" alt=\"Fot_Bartek_Warzecha_DSC6416\" src=\"\/wp-content\/uploads\/sites\/3\/img_archive\/fot_bartek_warzecha_dsc6416.jpg\" width=\"294\" height=\"195\" \/><\/a>DANUTA JANICKA-MIERZWA \u2013 kierownik Biura Festiwalowego<a href=\"\/wp-content\/uploads\/sites\/3\/img_archive\/tekst_74.jpg\" data-gallery><img loading=\"lazy\" decoding=\"async\" class=\"aligncenter size-full wp-image-441\" alt=\"tekst_74\" src=\"\/wp-content\/uploads\/sites\/3\/img_archive\/tekst_74.jpg\" width=\"260\" height=\"172\" \/><\/a>ANNA BY\u015a \u2013 koordynatorka imprez towarzysz\u0105cych<\/p>\n<p><a href=\"\/wp-content\/uploads\/sites\/3\/img_archive\/tekst_71.jpg\" data-gallery><img loading=\"lazy\" decoding=\"async\" class=\"size-full wp-image-438 alignleft\" alt=\"tekst_71\" src=\"\/wp-content\/uploads\/sites\/3\/img_archive\/tekst_71.jpg\" width=\"295\" height=\"194\" \/><\/a>DAWID MLEKICKI \u2013 specjalista ds. logistyki<\/p>\n<p><a href=\"\/wp-content\/uploads\/sites\/3\/img_archive\/tekst_75.jpg\" data-gallery><img loading=\"lazy\" decoding=\"async\" class=\"size-full wp-image-442 alignleft\" alt=\"tekst_75\" src=\"\/wp-content\/uploads\/sites\/3\/img_archive\/tekst_75.jpg\" width=\"294\" height=\"190\" \/><\/a><\/p>\n<p>ADAM OZGA \u2013 koordynator obs\u0142ugi studenckiej festiwalu<\/p>\n<p><a href=\"\/wp-content\/uploads\/sites\/3\/img_archive\/tekst_68.jpg\" data-gallery><img loading=\"lazy\" decoding=\"async\" class=\"size-full wp-image-437 alignleft\" alt=\"tekst_68\" src=\"\/wp-content\/uploads\/sites\/3\/img_archive\/tekst_68.jpg\" width=\"291\" height=\"192\" \/><\/a>GRZEGORZ PINDELSKI \u2013 koordynator obs\u0142ugi studenckiej festiwalu<\/p>\n<p><a href=\"\/wp-content\/uploads\/sites\/3\/img_archive\/tekst_86.jpg\" data-gallery><img loading=\"lazy\" decoding=\"async\" class=\"size-full wp-image-443 alignleft\" alt=\"tekst_86\" src=\"\/wp-content\/uploads\/sites\/3\/img_archive\/tekst_86.jpg\" width=\"295\" height=\"193\" \/><\/a>KLAUDIA B\u0141AZIK &#8211; asystentka dyrektora festiwalu\/koordynatorka warsztat\u00f3w<\/p>\n<p><a href=\"\/wp-content\/uploads\/sites\/3\/img_archive\/fot_bartek_warzecha_dsc6326.jpg\" data-gallery><img loading=\"lazy\" decoding=\"async\" class=\"size-full wp-image-524 alignleft\" alt=\"Fot_Bartek_Warzecha_DSC6326\" src=\"\/wp-content\/uploads\/sites\/3\/img_archive\/fot_bartek_warzecha_dsc6326.jpg\" width=\"301\" height=\"199\" \/><\/a>SABINA ZYGMANOWSKA &#8211; opieka nad Jury<\/p>\n<p><a href=\"\/wp-content\/uploads\/sites\/3\/img_archive\/fot_bartek_warzecha_dsc6397.jpg\" data-gallery><img loading=\"lazy\" decoding=\"async\" class=\"size-full wp-image-525 alignleft\" alt=\"Fot_Bartek_Warzecha_DSC6397\" src=\"\/wp-content\/uploads\/sites\/3\/img_archive\/fot_bartek_warzecha_dsc6397.jpg\" width=\"299\" height=\"197\" \/><\/a>JUSTYNA CZARNOTA &#8211; asystentka specjalisty ds. logistyki<\/p>\n<p><a href=\"\/wp-content\/uploads\/sites\/3\/img_archive\/tekst_88.jpg\" data-gallery><img loading=\"lazy\" decoding=\"async\" class=\"size-full wp-image-526 alignleft\" alt=\"tekst_88\" src=\"\/wp-content\/uploads\/sites\/3\/img_archive\/tekst_88.jpg\" width=\"298\" height=\"197\" \/><\/a>HANNA USAREWICZ &#8211; koordynatorka napis\u00f3w i t\u0142umacze\u0144<\/p>\n<p><a href=\"\/wp-content\/uploads\/sites\/3\/img_archive\/fot_bartek_warzecha_dsc6337.jpg\" data-gallery><img loading=\"lazy\" decoding=\"async\" class=\"size-full wp-image-527 alignleft\" alt=\"Fot_Bartek_Warzecha_DSC6337\" src=\"\/wp-content\/uploads\/sites\/3\/img_archive\/fot_bartek_warzecha_dsc6337.jpg\" width=\"296\" height=\"196\" \/><\/a>SZYMON KAZIMIERCZAK &#8211; redaktor publikacji festiwalowych<\/p>\n<p><a href=\"\/wp-content\/uploads\/sites\/3\/img_archive\/fot_bartek_warzecha_dsc6349.jpg\" data-gallery><img loading=\"lazy\" decoding=\"async\" class=\"size-full wp-image-528 alignleft\" alt=\"Fot_Bartek_Warzecha_DSC6349\" src=\"\/wp-content\/uploads\/sites\/3\/img_archive\/fot_bartek_warzecha_dsc6349.jpg\" width=\"294\" height=\"195\" \/><\/a>KAROLINA MATUSZEWSKA &#8211; redaktor publikacji festiwalowych<\/p>\n<p><a href=\"\/wp-content\/uploads\/sites\/3\/img_archive\/dsc_4299.jpg\" data-gallery><img loading=\"lazy\" decoding=\"async\" class=\"size-full wp-image-531 alignleft\" alt=\"DSC_4299\" src=\"\/wp-content\/uploads\/sites\/3\/img_archive\/dsc_4299.jpg\" width=\"312\" height=\"207\" \/><\/a>KAROLINA ROSPONDEK &#8211; koordynatorka ds. Pokoju D\u017awi\u0119k\u00f3w<\/p>\n<p><a href=\"\/wp-content\/uploads\/sites\/3\/img_archive\/1044850_628728937146421_1938940535_n.jpg\" data-gallery><img loading=\"lazy\" decoding=\"async\" class=\"size-full wp-image-980 alignleft\" alt=\"1044850_628728937146421_1938940535_n\" src=\"\/wp-content\/uploads\/sites\/3\/img_archive\/1044850_628728937146421_1938940535_n.jpg\" width=\"295\" height=\"195\" \/><\/a><\/p>\n","protected":false},"excerpt":{"rendered":"<p>7. Mi\u0119dzynarodowy Festiwal Szk\u00f3\u0142 Teatralnych ITSelF organizowany jest przez\u00a0 Akademi\u0119 Teatraln\u0105 im. Aleksandra Zelwerowicza w Warszawie, przy wsparciu finansowym Miasta Sto\u0142ecznego Warszawy oraz Ministerstwa Kultury i Dziedzictwa Narodowego. BIURO FESTIWALOWE CEZARY MORAWSKI \u2013 dyrektor artystyczny festiwalu BEATA SZCZUCI\u0143SKA \u2013 zast\u0119pca dyrektora festiwalu AGNIESZKA ZAJK-TWORKOWSKA &#8211; zast\u0119pca dyrektora festiwalu DANUTA JANICKA-MIERZWA \u2013 kierownik Biura FestiwalowegoANNA BY\u015a [&hellip;]<\/p>\n","protected":false},"author":1,"featured_media":0,"parent":993,"menu_order":54,"comment_status":"open","ping_status":"closed","template":"","meta":{"_acf_changed":false,"footnotes":""},"class_list":["post-65","page","type-page","status-publish","hentry"],"acf":[],"jetpack_shortlink":"https:\/\/wp.me\/P8N69B-13","jetpack_sharing_enabled":true,"_links":{"self":[{"href":"https:\/\/festiwal.at.edu.pl\/en\/wp-json\/wp\/v2\/pages\/65"}],"collection":[{"href":"https:\/\/festiwal.at.edu.pl\/en\/wp-json\/wp\/v2\/pages"}],"about":[{"href":"https:\/\/festiwal.at.edu.pl\/en\/wp-json\/wp\/v2\/types\/page"}],"author":[{"embeddable":true,"href":"https:\/\/festiwal.at.edu.pl\/en\/wp-json\/wp\/v2\/users\/1"}],"replies":[{"embeddable":true,"href":"https:\/\/festiwal.at.edu.pl\/en\/wp-json\/wp\/v2\/comments?post=65"}],"version-history":[{"count":2,"href":"https:\/\/festiwal.at.edu.pl\/en\/wp-json\/wp\/v2\/pages\/65\/revisions"}],"predecessor-version":[{"id":2686,"href":"https:\/\/festiwal.at.edu.pl\/en\/wp-json\/wp\/v2\/pages\/65\/revisions\/2686"}],"up":[{"embeddable":true,"href":"https:\/\/festiwal.at.edu.pl\/en\/wp-json\/wp\/v2\/pages\/993"}],"wp:attachment":[{"href":"https:\/\/festiwal.at.edu.pl\/en\/wp-json\/wp\/v2\/media?parent=65"}],"curies":[{"name":"wp","href":"https:\/\/api.w.org\/{rel}","templated":true}]}}