{"id":3062,"date":"2018-12-02T22:42:36","date_gmt":"2018-12-02T21:42:36","guid":{"rendered":"http:\/\/festiwal.at.edu.pl\/?page_id=3062"},"modified":"2018-12-02T22:44:26","modified_gmt":"2018-12-02T21:44:26","slug":"9-biuro-festiwalowe","status":"publish","type":"page","link":"https:\/\/festiwal.at.edu.pl\/en\/archiwum-festiwalu\/archiwum_9\/9-biuro-festiwalowe\/","title":{"rendered":"Organizers"},"content":{"rendered":"<p><\/p>\n<p style=\"text-align: center;\"><img loading=\"lazy\" decoding=\"async\" class=\" wp-image-1610 aligncenter\" src=\"http:\/\/web.archive.org\/web\/20180217120847im_\/http:\/\/festiwal.at.edu.pl\/wp-content\/uploads\/sites\/3\/img_archive\/internet_fot_bartek_warzecha_c2a9_dsf1056.jpg\" alt=\"INTERNET_fot_Bartek_Warzecha_\u00a9_DSF1056\" width=\"260\" height=\"626\" \/><\/p>\n<p style=\"text-align: center;\"><strong>WOJCIECH MALAJKAT<br \/>\n<\/strong>dyrektor festiwalu<\/p>\n<p style=\"text-align: center;\"><img loading=\"lazy\" decoding=\"async\" class=\" wp-image-1622 aligncenter\" src=\"http:\/\/web.archive.org\/web\/20180217120847im_\/http:\/\/festiwal.at.edu.pl\/wp-content\/uploads\/sites\/3\/img_archive\/internet_fot_bartek_warzecha_c2a9_dsf1051.jpg\" alt=\"INTERNET_fot_Bartek_Warzecha_\u00a9_DSF1051\" width=\"260\" height=\"363\" \/><\/p>\n<p style=\"text-align: center;\"><strong>BEATA SZCZUCI\u0143SKA<br \/>\n<\/strong>zast\u0119pca dyrektora festiwalu<\/p>\n<p style=\"text-align: center;\"><img loading=\"lazy\" decoding=\"async\" class=\" wp-image-1621 aligncenter\" src=\"http:\/\/web.archive.org\/web\/20180217120847im_\/http:\/\/festiwal.at.edu.pl\/wp-content\/uploads\/sites\/3\/img_archive\/internet_fot_bartek_warzecha_c2a9_dsf1018.jpg\" alt=\"INTERNET_fot_Bartek_Warzecha_\u00a9_DSF1018\" width=\"260\" height=\"703\" \/><\/p>\n<p style=\"text-align: center;\"><strong>AGNIESZKA ZAJK-TWORKOWSKA<br \/>\n<\/strong>zast\u0119pca dyrektora festiwalu<\/p>\n<p style=\"text-align: center;\"><img loading=\"lazy\" decoding=\"async\" class=\" wp-image-1614 aligncenter\" src=\"http:\/\/web.archive.org\/web\/20180217120847im_\/http:\/\/festiwal.at.edu.pl\/wp-content\/uploads\/sites\/3\/img_archive\/internet_fot_bartek_warzecha_c2a9_dsf0848.jpg\" alt=\"INTERNET_fot_Bartek_Warzecha_\u00a9_DSF0848\" width=\"260\" height=\"750\" \/><\/p>\n<p style=\"text-align: center;\"><strong>DANUTA JANICKA-MIERZWA<br \/>\n<\/strong>kierownik biura festiwalowego<\/p>\n<p style=\"text-align: center;\"><strong>MONIKA PRZESPOLEWSKA<br \/>\n<\/strong>zast\u0119pca kierownika biura festiwalowego<\/p>\n<p style=\"text-align: center;\"><img loading=\"lazy\" decoding=\"async\" class=\" wp-image-1613 aligncenter\" src=\"http:\/\/web.archive.org\/web\/20180217120847im_\/http:\/\/festiwal.at.edu.pl\/wp-content\/uploads\/sites\/3\/img_archive\/internet_fot_bartek_warzecha_c2a9_dsf0820.jpg\" alt=\"INTERNET_fot_Bartek_Warzecha_\u00a9_DSF0820\" width=\"260\" height=\"363\" \/><\/p>\n<p style=\"text-align: center;\"><strong>KATARZYNA SZUBI\u0143SKA<br \/>\n<\/strong>specjalista ds.\u00a0sprzeda\u017cy<\/p>\n<p style=\"text-align: center;\"><strong><br \/>\nMONIKA ZAGAWA<\/strong><br \/>\nspecjalista ds.\u00a0promocji, kontakt z\u00a0mediami<\/p>\n<p style=\"text-align: center;\"><img loading=\"lazy\" decoding=\"async\" class=\" wp-image-1612 aligncenter\" src=\"http:\/\/web.archive.org\/web\/20180217120847im_\/http:\/\/festiwal.at.edu.pl\/wp-content\/uploads\/sites\/3\/img_archive\/internet_fot_bartek_warzecha_c2a9_dsf0781.jpg\" alt=\"INTERNET_fot_Bartek_Warzecha_\u00a9_DSF0781\" width=\"260\" height=\"712\" \/><\/p>\n<p style=\"text-align: center;\"><strong>NATALIA BE\u0141DYGA<br \/>\n<\/strong>kierownik pionu obs\u0142ugi technicznej<\/p>\n<p style=\"text-align: center;\"><img loading=\"lazy\" decoding=\"async\" class=\" wp-image-1619 aligncenter\" src=\"http:\/\/web.archive.org\/web\/20180217120847im_\/http:\/\/festiwal.at.edu.pl\/wp-content\/uploads\/sites\/3\/img_archive\/internet_fot_bartek_warzecha_c2a9_dsf0959.jpg\" alt=\"INTERNET_fot_Bartek_Warzecha_\u00a9_DSF0959\" width=\"260\" height=\"647\" \/><\/p>\n<p style=\"text-align: center;\"><strong>KRZYSZTOF KWIATKOWSKI<br \/>\n<\/strong>obs\u0142uga techniczna<\/p>\n<p style=\"text-align: center;\"><img loading=\"lazy\" decoding=\"async\" class=\" wp-image-1617 aligncenter\" src=\"http:\/\/web.archive.org\/web\/20180217120847im_\/http:\/\/festiwal.at.edu.pl\/wp-content\/uploads\/sites\/3\/img_archive\/internet_fot_bartek_warzecha_c2a9_dsf0919.jpg\" alt=\"INTERNET_fot_Bartek_Warzecha_\u00a9_DSF0919\" width=\"260\" height=\"622\" \/><\/p>\n<p style=\"text-align: center;\"><strong>DAWID MLEKICKI<br \/>\n<\/strong>specjalista ds.\u00a0logistyki<\/p>\n<p><\/p>","protected":false},"excerpt":{"rendered":"<p>WOJCIECH MALAJKAT dyrektor festiwalu BEATA SZCZUCI\u0143SKA zast\u0119pca dyrektora festiwalu AGNIESZKA ZAJK-TWORKOWSKA zast\u0119pca dyrektora festiwalu DANUTA JANICKA-MIERZWA kierownik biura festiwalowego MONIKA PRZESPOLEWSKA zast\u0119pca kierownika biura festiwalowego KATARZYNA SZUBI\u0143SKA specjalista ds.\u00a0sprzeda\u017cy MONIKA ZAGAWA specjalista ds.\u00a0promocji, kontakt z\u00a0mediami NATALIA BE\u0141DYGA kierownik pionu obs\u0142ugi technicznej KRZYSZTOF KWIATKOWSKI obs\u0142uga techniczna DAWID MLEKICKI specjalista ds.\u00a0logistyki<\/p>\n","protected":false},"author":1,"featured_media":0,"parent":3059,"menu_order":13,"comment_status":"closed","ping_status":"closed","template":"","meta":{"_acf_changed":false,"footnotes":""},"class_list":["post-3062","page","type-page","status-publish","hentry"],"acf":[],"jetpack_shortlink":"https:\/\/wp.me\/P8N69B-No","jetpack_sharing_enabled":true,"_links":{"self":[{"href":"https:\/\/festiwal.at.edu.pl\/en\/wp-json\/wp\/v2\/pages\/3062"}],"collection":[{"href":"https:\/\/festiwal.at.edu.pl\/en\/wp-json\/wp\/v2\/pages"}],"about":[{"href":"https:\/\/festiwal.at.edu.pl\/en\/wp-json\/wp\/v2\/types\/page"}],"author":[{"embeddable":true,"href":"https:\/\/festiwal.at.edu.pl\/en\/wp-json\/wp\/v2\/users\/1"}],"replies":[{"embeddable":true,"href":"https:\/\/festiwal.at.edu.pl\/en\/wp-json\/wp\/v2\/comments?post=3062"}],"version-history":[{"count":2,"href":"https:\/\/festiwal.at.edu.pl\/en\/wp-json\/wp\/v2\/pages\/3062\/revisions"}],"predecessor-version":[{"id":3064,"href":"https:\/\/festiwal.at.edu.pl\/en\/wp-json\/wp\/v2\/pages\/3062\/revisions\/3064"}],"up":[{"embeddable":true,"href":"https:\/\/festiwal.at.edu.pl\/en\/wp-json\/wp\/v2\/pages\/3059"}],"wp:attachment":[{"href":"https:\/\/festiwal.at.edu.pl\/en\/wp-json\/wp\/v2\/media?parent=3062"}],"curies":[{"name":"wp","href":"https:\/\/api.w.org\/{rel}","templated":true}]}}